{"id":5850,"date":"2026-04-29T13:15:42","date_gmt":"2026-04-29T11:15:42","guid":{"rendered":"https:\/\/cupolux.ch\/it\/?page_id=5850"},"modified":"2026-04-29T13:20:28","modified_gmt":"2026-04-29T11:20:28","slug":"protezione-dei-dati","status":"publish","type":"page","link":"https:\/\/cupolux.ch\/it\/protezione-dei-dati\/","title":{"rendered":"Protezione dei dati"},"content":{"rendered":"<div id=\"pl-5850\"  class=\"panel-layout\" ><div id=\"pg-5850-0\"  class=\"panel-grid panel-no-style\" ><div id=\"pgc-5850-0-0\"  class=\"panel-grid-cell\" ><div id=\"panel-5850-0-0-0\" class=\"so-panel widget widget_cupoluxheaderimage-widget panel-first-child panel-last-child\" data-index=\"0\" ><div\n\t\t\t\n\t\t\tclass=\"so-widget-cupoluxheaderimage-widget so-widget-cupoluxheaderimage-widget-base\"\n\t\t\t\n\t\t>\n    <div class=\"headerimage  uk-cover-container\" style=\"background-image: url(https:\/\/cupolux.ch\/it\/wp-content\/uploads\/sites\/4\/menatwork.jpg);\">\n        <div class=\"headerimageOverlay \"><\/div>\n        <div class=\"uk-overlay uk-light uk-position-bottom headerimageText\">\n            <div class=\"uk-container\">\n                <h3 class=\"headerimageTitleSmall\">Maggio 2026<\/h3>\n                <h1 class=\"headerimageTitle \">Protezione dei dati<\/h1>                            <\/div>\n        <\/div>\n    <\/div>\n    <\/div><\/div><\/div><\/div><div id=\"pg-5850-1\"  class=\"panel-grid panel-has-style\" ><div class=\"siteorigin-panels-stretch panel-row-style panel-row-style-for-5850-1\" data-stretch-type=\"full\" ><div id=\"pgc-5850-1-0\"  class=\"panel-grid-cell\" ><div id=\"panel-5850-1-0-0\" class=\"so-panel widget widget_cupoluxcontentspacer-widget panel-first-child panel-last-child\" data-index=\"1\" ><div\n\t\t\t\n\t\t\tclass=\"so-widget-cupoluxcontentspacer-widget so-widget-cupoluxcontentspacer-widget-base\"\n\t\t\t\n\t\t>    <div class=\"contentspacer-large\"><\/div>\n<\/div><\/div><\/div><\/div><\/div><div id=\"pg-5850-2\"  class=\"panel-grid panel-has-style\" ><div class=\"werte siteorigin-panels-stretch panel-row-style panel-row-style-for-5850-2\" data-stretch-type=\"full\" ><div id=\"pgc-5850-2-0\"  class=\"panel-grid-cell\" ><div id=\"panel-5850-2-0-0\" class=\"so-panel widget widget_sow-headline panel-first-child\" data-index=\"2\" ><div\n\t\t\t\n\t\t\tclass=\"so-widget-sow-headline so-widget-sow-headline-default-13fcc7c94fae-5850\"\n\t\t\t\n\t\t><div class=\"sow-headline-container \">\n\t\t\t\t\t\t\t<h3 class=\"sow-headline\">\n\t\t\t\t\t\tContatti\t\t\t\t\t\t<\/h3>\n\t\t\t\t\t\t<\/div>\n<\/div><\/div><div id=\"panel-5850-2-0-1\" class=\"so-panel widget widget_cupoluxcontentspacer-widget\" data-index=\"3\" ><div\n\t\t\t\n\t\t\tclass=\"so-widget-cupoluxcontentspacer-widget so-widget-cupoluxcontentspacer-widget-base\"\n\t\t\t\n\t\t>    <div class=\"contentspacer-verysmall\"><\/div>\n<\/div><\/div><div id=\"panel-5850-2-0-2\" class=\"so-panel widget widget_sow-editor panel-last-child\" data-index=\"4\" ><div\n\t\t\t\n\t\t\tclass=\"so-widget-sow-editor so-widget-sow-editor-base\"\n\t\t\t\n\t\t>\n<div class=\"siteorigin-widget-tinymce textwidget\">\n\t<p>Cupolux AG<br \/>\nGl\u00e4rnischstrasse 7<br \/>\n8853 Lachen<br \/>\nTel: <a href=\"tel:+41(0)442089040\">+41(0)44 208 90 40<\/a><br \/>\n<a href=\"mailto:info@cupolux.ch\">info@cupolux.ch<\/a><br \/>\n<a href=\"https:\/\/cupolux.ch\">cupolux.ch<\/a><\/p>\n<\/div>\n<\/div><\/div><\/div><div id=\"pgc-5850-2-1\"  class=\"panel-grid-cell\" ><div id=\"panel-5850-2-1-0\" class=\"so-panel widget widget_sow-headline panel-first-child\" data-index=\"5\" ><div\n\t\t\t\n\t\t\tclass=\"so-widget-sow-headline so-widget-sow-headline-default-1e1dff9d5b59-5850\"\n\t\t\t\n\t\t><div class=\"sow-headline-container \">\n\t\t\t\t\t\t\t<h2 class=\"sow-headline\">\n\t\t\t\t\t\tNote generali\t\t\t\t\t\t<\/h2>\n\t\t\t\t\t\t<\/div>\n<\/div><\/div><div id=\"panel-5850-2-1-1\" class=\"so-panel widget widget_cupoluxcontentspacer-widget\" data-index=\"6\" ><div\n\t\t\t\n\t\t\tclass=\"so-widget-cupoluxcontentspacer-widget so-widget-cupoluxcontentspacer-widget-base\"\n\t\t\t\n\t\t>    <div class=\"contentspacer-verysmall\"><\/div>\n<\/div><\/div><div id=\"panel-5850-2-1-2\" class=\"so-panel widget widget_sow-editor panel-last-child\" data-index=\"7\" ><div\n\t\t\t\n\t\t\tclass=\"so-widget-sow-editor so-widget-sow-editor-base\"\n\t\t\t\n\t\t>\n<div class=\"siteorigin-widget-tinymce textwidget\">\n\t<p>L\u2019uso responsabile e la protezione dei dati personali sono per noi una priorit\u00e0. Nella presente Informativa sulla protezione dei dati vi forniamo informazioni sulla tipologia, entit\u00e0 e finalit\u00e0 dell\u2019utilizzo dei dati personali nell\u2019ambito delle nostre attivit\u00e0 commerciali e dell\u2019utilizzo del nostro sito web. Vi informiamo in merito a modifiche sostanziali apportate alla presente Informativa sulla protezione dei dati. La versione pubblicata sul presente sito web \u00e8 la versione rispettivamente in vigore.<\/p>\n<p><a href=\"https:\/\/cupolux.ch\/it\/wp-content\/uploads\/sites\/4\/CUP_Datenschutzerklaerung_IT_2026_rz.pdf\"><strong>Informativa completa sulla privacy di Cupolux in formato PDF<\/strong><\/a><\/p>\n<\/div>\n<\/div><\/div><\/div><\/div><\/div><div id=\"pg-5850-3\"  class=\"panel-grid panel-has-style\" ><div class=\"siteorigin-panels-stretch panel-row-style panel-row-style-for-5850-3\" data-stretch-type=\"full\" ><div id=\"pgc-5850-3-0\"  class=\"panel-grid-cell\" ><div id=\"panel-5850-3-0-0\" class=\"so-panel widget widget_cupoluxcontentspacer-widget panel-first-child panel-last-child\" data-index=\"8\" ><div\n\t\t\t\n\t\t\tclass=\"so-widget-cupoluxcontentspacer-widget so-widget-cupoluxcontentspacer-widget-base\"\n\t\t\t\n\t\t>    <div class=\"contentspacer-large\"><\/div>\n<\/div><\/div><\/div><\/div><\/div><div id=\"pg-5850-4\"  class=\"panel-grid panel-no-style\" ><div id=\"pgc-5850-4-0\"  class=\"panel-grid-cell\" ><div id=\"panel-5850-4-0-0\" class=\"so-panel widget widget_cupoluxcontentspacer-widget panel-first-child\" data-index=\"9\" ><div\n\t\t\t\n\t\t\tclass=\"so-widget-cupoluxcontentspacer-widget so-widget-cupoluxcontentspacer-widget-base\"\n\t\t\t\n\t\t>    <div class=\"contentspacer-medium\"><\/div>\n<\/div><\/div><div id=\"panel-5850-4-0-1\" class=\"so-panel widget widget_sow-editor\" data-index=\"10\" ><div\n\t\t\t\n\t\t\tclass=\"so-widget-sow-editor so-widget-sow-editor-base\"\n\t\t\t\n\t\t>\n<div class=\"siteorigin-widget-tinymce textwidget\">\n\t<h3>Cosa sono i cookie e come vengono utilizzati<\/h3>\n<\/div>\n<\/div><\/div><div id=\"panel-5850-4-0-2\" class=\"so-panel widget widget_cupoluxcontentspacer-widget\" data-index=\"11\" ><div\n\t\t\t\n\t\t\tclass=\"so-widget-cupoluxcontentspacer-widget so-widget-cupoluxcontentspacer-widget-base\"\n\t\t\t\n\t\t>    <div class=\"contentspacer-verysmall\"><\/div>\n<\/div><\/div><div id=\"panel-5850-4-0-3\" class=\"so-panel widget widget_sow-editor\" data-index=\"12\" ><div\n\t\t\t\n\t\t\tclass=\"so-widget-sow-editor so-widget-sow-editor-base\"\n\t\t\t\n\t\t>\n<div class=\"siteorigin-widget-tinymce textwidget\">\n\t<p>Come molti altri siti web, anche noi utilizziamo i cosiddetti \u00abcookie\u00bb, piccoli file di testo che vengono trasferiti dal server di un sito web al vostro disco rigido. In questo modo riceviamo determinati dati in automatico, come ad esempio il browser utilizzato, il sistema operativo del vostro computer e la vostra connessione a Internet. I cookie non possono essere utilizzati per avviare programmi n\u00e9 trasmettere virus a un computer. I cookie ci consentono di visualizzare correttamente il sito web e di facilitare la navigazione sullo stesso, di determinare la frequenza di utilizzo e il numero di utenti delle pagine, di analizzare il comportamento di utilizzo del sito e di rendere la nostra offerta pi\u00f9 fruibile per gli utenti. I cookie rimangono memorizzati una volta terminata la sessione del browser e possono essere richiamati alla successiva visita al sito. Tali cookie ci consentono di riconoscere il vostro browser alla vostra prossima visita al sito.<\/p>\n<p>Potete impostare il vostro browser per essere informati sulla memorizzazione dei cookie e consentire i cookie solo in casi specifici, escludere l\u2019accettazione dei cookie per determinati casi o in generale e attivare la cancellazione automatica dei cookie alla chiusura del browser. Disattivando i cookie, la funzionalit\u00e0 del presente sito web pu\u00f2 risultare limitata.<\/p>\n<\/div>\n<\/div><\/div><div id=\"panel-5850-4-0-4\" class=\"so-panel widget widget_cupoluxcontentspacer-widget\" data-index=\"13\" ><div\n\t\t\t\n\t\t\tclass=\"so-widget-cupoluxcontentspacer-widget so-widget-cupoluxcontentspacer-widget-base\"\n\t\t\t\n\t\t>    <div class=\"contentspacer-small\"><\/div>\n<\/div><\/div><div id=\"panel-5850-4-0-5\" class=\"so-panel widget widget_sow-editor\" data-index=\"14\" ><div\n\t\t\t\n\t\t\tclass=\"so-widget-sow-editor so-widget-sow-editor-base\"\n\t\t\t\n\t\t>\n<div class=\"siteorigin-widget-tinymce textwidget\">\n\t<h3>Durata e conservazione dei dati personali<\/h3>\n<\/div>\n<\/div><\/div><div id=\"panel-5850-4-0-6\" class=\"so-panel widget widget_cupoluxcontentspacer-widget\" data-index=\"15\" ><div\n\t\t\t\n\t\t\tclass=\"so-widget-cupoluxcontentspacer-widget so-widget-cupoluxcontentspacer-widget-base\"\n\t\t\t\n\t\t>    <div class=\"contentspacer-verysmall\"><\/div>\n<\/div><\/div><div id=\"panel-5850-4-0-7\" class=\"so-panel widget widget_sow-editor\" data-index=\"16\" ><div\n\t\t\t\n\t\t\tclass=\"so-widget-sow-editor so-widget-sow-editor-base\"\n\t\t\t\n\t\t>\n<div class=\"siteorigin-widget-tinymce textwidget\">\n\t<p>Archiviamo i dati personali solo per il tempo necessario ai nostri scopi di trattamento, all\u2019obbligo legale di conservazione e ai nostri interessi legittimi, in particolare per scopi di documentazione e prova, o se \u00e8 necessaria un\u2019archiviazione per motivi tecnici (ad es. nel caso di backup o sistemi di gestione dei documenti). Adottiamo misure tecniche e organizzative proporzionate e ragionevoli per proteggere i dati personali da perdita, modifica non consentita o accesso non autorizzato da parte di terzi. In assenza di obblighi legali, contrattuali o motivi tecnici, di principio cancelliamo o rendiamo anonimi i vostri dati dopo la scadenza dei termini di archiviazione o del trattamento nell\u2019ambito delle nostre consuete procedure e in conformit\u00e0 alla nostra direttiva sulla protezione dei dati.<\/p>\n<\/div>\n<\/div><\/div><div id=\"panel-5850-4-0-8\" class=\"so-panel widget widget_cupoluxcontentspacer-widget\" data-index=\"17\" ><div\n\t\t\t\n\t\t\tclass=\"so-widget-cupoluxcontentspacer-widget so-widget-cupoluxcontentspacer-widget-base\"\n\t\t\t\n\t\t>    <div class=\"contentspacer-small\"><\/div>\n<\/div><\/div><div id=\"panel-5850-4-0-9\" class=\"so-panel widget widget_sow-editor\" data-index=\"18\" ><div\n\t\t\t\n\t\t\tclass=\"so-widget-sow-editor so-widget-sow-editor-base\"\n\t\t\t\n\t\t>\n<div class=\"siteorigin-widget-tinymce textwidget\">\n\t<h3>Argomenti trattati<\/h3>\n<\/div>\n<\/div><\/div><div id=\"panel-5850-4-0-10\" class=\"so-panel widget widget_cupoluxcontentspacer-widget\" data-index=\"19\" ><div\n\t\t\t\n\t\t\tclass=\"so-widget-cupoluxcontentspacer-widget so-widget-cupoluxcontentspacer-widget-base\"\n\t\t\t\n\t\t>    <div class=\"contentspacer-verysmall\"><\/div>\n<\/div><\/div><div id=\"panel-5850-4-0-11\" class=\"so-panel widget widget_sow-accordion panel-last-child\" data-index=\"20\" ><div\n\t\t\t\n\t\t\tclass=\"so-widget-sow-accordion so-widget-sow-accordion-default-5674beebb4fa-5850\"\n\t\t\t\n\t\t><div>\n\t<div class=\"sow-accordion\">\n\t\t\t<div class=\"sow-accordion-panel\n\t\t\t\t\"\n\t\t\tdata-anchor-id=\"fornitori-di-hosting-e-file-di-log-dei-server\">\n\t\t\t\t<div class=\"sow-accordion-panel-header-container\" role=\"heading\" aria-level=\"2\">\n\t\t\t\t\t<div class=\"sow-accordion-panel-header\" tabindex=\"0\" role=\"button\" id=\"accordion-label-fornitori-di-hosting-e-file-di-log-dei-server\" aria-controls=\"accordion-content-fornitori-di-hosting-e-file-di-log-dei-server\" aria-expanded=\"false\">\n\t\t\t\t\t\t<div class=\"sow-accordion-title sow-accordion-title-icon-left\">\n\t\t\t\t\t\t\t\t\t\t\t\t\t\tFORNITORI DI HOSTING E FILE DI LOG DEI SERVER\t\t\t\t\t\t\t\t\t\t\t\t\t<\/div>\n\t\t\t\t\t\t<div class=\"sow-accordion-open-close-button\">\n\t\t\t\t\t\t\t<div class=\"sow-accordion-open-button\">\n\t\t\t\t\t\t\t\t<span class=\"sow-icon-ionicons\" data-sow-icon=\"&#xf218;\"\n\t\t \n\t\taria-hidden=\"true\"><\/span>\t\t\t\t\t\t\t<\/div>\n\t\t\t\t\t\t\t<div class=\"sow-accordion-close-button\">\n\t\t\t\t\t\t\t\t<span class=\"sow-icon-ionicons\" data-sow-icon=\"&#xf209;\"\n\t\t \n\t\taria-hidden=\"true\"><\/span>\t\t\t\t\t\t\t<\/div>\n\t\t\t\t\t\t<\/div>\n\t\t\t\t\t<\/div>\n\t\t\t\t<\/div>\n\n\t\t\t<div\n\t\t\t\tclass=\"sow-accordion-panel-content\"\n\t\t\t\trole=\"region\"\n\t\t\t\taria-labelledby=\"accordion-label-fornitori-di-hosting-e-file-di-log-dei-server\"\n\t\t\t\tid=\"accordion-content-fornitori-di-hosting-e-file-di-log-dei-server\"\n\t\t\t\tstyle=\"display: none;\"\t\t\t>\n\t\t\t\t<div class=\"sow-accordion-panel-border\">\n\t\t\t\t\t<p>A ogni accesso al nostro sito web, in automatico vengono raccolte informazioni dal provider di web hosting cyon\u00a0GmbH, che vengono salvate nei file di log del server. Tra tali informazioni rientrano: indirizzo IP, data e ora dell\u2019accesso, pagine visitate, volume di dati trasmessi, tipo e versione del browser, sistema operativo, referrer URL (la pagina visitata in precedenza), nome host del computer che effettua l\u2019accesso. I dati registrati vengono cancellati in automatico dalla rotazione dei log dopo circa 60\u00a0giorni.<\/p>\n\t\t\t\t<\/div>\n\t\t\t<\/div>\n\t\t<\/div>\n\t\t\t<div class=\"sow-accordion-panel\n\t\t\t\t\"\n\t\t\tdata-anchor-id=\"crittografia-ssl\">\n\t\t\t\t<div class=\"sow-accordion-panel-header-container\" role=\"heading\" aria-level=\"2\">\n\t\t\t\t\t<div class=\"sow-accordion-panel-header\" tabindex=\"0\" role=\"button\" id=\"accordion-label-crittografia-ssl\" aria-controls=\"accordion-content-crittografia-ssl\" aria-expanded=\"false\">\n\t\t\t\t\t\t<div class=\"sow-accordion-title sow-accordion-title-icon-left\">\n\t\t\t\t\t\t\t\t\t\t\t\t\t\tCRITTOGRAFIA SSL\t\t\t\t\t\t\t\t\t\t\t\t\t<\/div>\n\t\t\t\t\t\t<div class=\"sow-accordion-open-close-button\">\n\t\t\t\t\t\t\t<div class=\"sow-accordion-open-button\">\n\t\t\t\t\t\t\t\t<span class=\"sow-icon-ionicons\" data-sow-icon=\"&#xf218;\"\n\t\t \n\t\taria-hidden=\"true\"><\/span>\t\t\t\t\t\t\t<\/div>\n\t\t\t\t\t\t\t<div class=\"sow-accordion-close-button\">\n\t\t\t\t\t\t\t\t<span class=\"sow-icon-ionicons\" data-sow-icon=\"&#xf209;\"\n\t\t \n\t\taria-hidden=\"true\"><\/span>\t\t\t\t\t\t\t<\/div>\n\t\t\t\t\t\t<\/div>\n\t\t\t\t\t<\/div>\n\t\t\t\t<\/div>\n\n\t\t\t<div\n\t\t\t\tclass=\"sow-accordion-panel-content\"\n\t\t\t\trole=\"region\"\n\t\t\t\taria-labelledby=\"accordion-label-crittografia-ssl\"\n\t\t\t\tid=\"accordion-content-crittografia-ssl\"\n\t\t\t\tstyle=\"display: none;\"\t\t\t>\n\t\t\t\t<div class=\"sow-accordion-panel-border\">\n\t\t\t\t\t<p>In qualit\u00e0 di titolari del trattamento, abbiamo adottato numerose misure tecniche e organizzative volte a garantire una protezione quanto pi\u00f9 completa possibile dei dati personali trattati tramite questo sito web e un funzionamento senza intoppi. Al fine di proteggere la sicurezza dei vostri dati durante la trasmissione, impieghiamo moderne procedure di crittografia (ad es. SSL) tramite HTTPS. Tuttavia, in generale le trasmissioni di dati attraverso Internet possono presentare lacune nella sicurezza, per cui non \u00e8 possibile garantire una protezione assoluta.<\/p>\n\t\t\t\t<\/div>\n\t\t\t<\/div>\n\t\t<\/div>\n\t\t\t<div class=\"sow-accordion-panel\n\t\t\t\t\"\n\t\t\tdata-anchor-id=\"servizi-google\">\n\t\t\t\t<div class=\"sow-accordion-panel-header-container\" role=\"heading\" aria-level=\"2\">\n\t\t\t\t\t<div class=\"sow-accordion-panel-header\" tabindex=\"0\" role=\"button\" id=\"accordion-label-servizi-google\" aria-controls=\"accordion-content-servizi-google\" aria-expanded=\"false\">\n\t\t\t\t\t\t<div class=\"sow-accordion-title sow-accordion-title-icon-left\">\n\t\t\t\t\t\t\t\t\t\t\t\t\t\tSERVIZI GOOGLE\t\t\t\t\t\t\t\t\t\t\t\t\t<\/div>\n\t\t\t\t\t\t<div class=\"sow-accordion-open-close-button\">\n\t\t\t\t\t\t\t<div class=\"sow-accordion-open-button\">\n\t\t\t\t\t\t\t\t<span class=\"sow-icon-ionicons\" data-sow-icon=\"&#xf218;\"\n\t\t \n\t\taria-hidden=\"true\"><\/span>\t\t\t\t\t\t\t<\/div>\n\t\t\t\t\t\t\t<div class=\"sow-accordion-close-button\">\n\t\t\t\t\t\t\t\t<span class=\"sow-icon-ionicons\" data-sow-icon=\"&#xf209;\"\n\t\t \n\t\taria-hidden=\"true\"><\/span>\t\t\t\t\t\t\t<\/div>\n\t\t\t\t\t\t<\/div>\n\t\t\t\t\t<\/div>\n\t\t\t\t<\/div>\n\n\t\t\t<div\n\t\t\t\tclass=\"sow-accordion-panel-content\"\n\t\t\t\trole=\"region\"\n\t\t\t\taria-labelledby=\"accordion-label-servizi-google\"\n\t\t\t\tid=\"accordion-content-servizi-google\"\n\t\t\t\tstyle=\"display: none;\"\t\t\t>\n\t\t\t\t<div class=\"sow-accordion-panel-border\">\n\t\t\t\t\t<p><strong>Google Analytics\/Google Tag Manager<\/strong><\/p>\n<p>Il presente sito web utilizza Google Analytics, un servizio di analisi web di Google. A tal fine, sul vostro computer vengono salvati dei cosiddetti \u00abcookie di tracciamento web\u00bb, ossia file di testo che ci consentono di analizzare l\u2019utilizzo del sito web da parte vostra e di garantire la sicurezza e la protezione del nostro sito web.<\/p>\n<p>Il presente sito web utilizza la funzione \u00abCaratteristiche demografiche\u00bb di Google Analytics, che ci consente di creare report contenenti informazioni su et\u00e0, sesso e interessi dei visitatori del sito. Tali dati provengono da pubblicit\u00e0 basata sugli interessi di Google e dai dati dei visitatori di fornitori terzi. Questi dati non possono essere attribuiti a una persona specifica. Potete disattivare in qualsiasi momento questa funzione tramite le impostazioni degli annunci nel vostro account Google o vietare in generale la raccolta dei vostri dati da parte di Google Analytics.<\/p>\n<p>Inoltre, sul nostro sito web utilizziamo il servizio Google Tag Manager, che offre e gestisce una piattaforma tecnica per l\u2019esecuzione di altri servizi web e programmi di web tracking tramite i cosiddetti \u00abtag\u00bb, affinch\u00e9 sia possibile effettuare una valutazione della visita al nostro sito web. A tal fine, anche Google Tag Manager salva un cookie sul vostro computer. Google Analytics viene attivato solo con il vostro consenso attivo. Potete revocare il vostro consenso in qualsiasi momento tramite il banner dei cookie.<\/p>\n<p><strong>Google Fonts<\/strong><br \/>\nGoogle Fonts \u00e8 un elenco gratuito di caratteri di Google. Google Fonts viene utilizzato per integrare e ricaricare font accattivanti sul nostro sito web. In questo modo ne viene migliorato l\u2019aspetto visivo. Durante l\u2019utilizzo di altri servizi di Google del nostro sito, Google Fonts ricarica tramite un server di Google quei tipi di carattere assolutamente necessari per l\u2019utilizzo del servizio Google in questione. Il servizio web raccoglie i seguenti dati: dati sui caratteri, indirizzo IP del visitatore del sito, statistiche sull\u2019uso dei caratteri e altri dati di servizi Google utilizzati sul nostro sito web.<\/p>\n\t\t\t\t<\/div>\n\t\t\t<\/div>\n\t\t<\/div>\n\t\t\t<div class=\"sow-accordion-panel\n\t\t\t\t\"\n\t\t\tdata-anchor-id=\"linkedin\">\n\t\t\t\t<div class=\"sow-accordion-panel-header-container\" role=\"heading\" aria-level=\"2\">\n\t\t\t\t\t<div class=\"sow-accordion-panel-header\" tabindex=\"0\" role=\"button\" id=\"accordion-label-linkedin\" aria-controls=\"accordion-content-linkedin\" aria-expanded=\"false\">\n\t\t\t\t\t\t<div class=\"sow-accordion-title sow-accordion-title-icon-left\">\n\t\t\t\t\t\t\t\t\t\t\t\t\t\tLINKEDIN\t\t\t\t\t\t\t\t\t\t\t\t\t<\/div>\n\t\t\t\t\t\t<div class=\"sow-accordion-open-close-button\">\n\t\t\t\t\t\t\t<div class=\"sow-accordion-open-button\">\n\t\t\t\t\t\t\t\t<span class=\"sow-icon-ionicons\" data-sow-icon=\"&#xf218;\"\n\t\t \n\t\taria-hidden=\"true\"><\/span>\t\t\t\t\t\t\t<\/div>\n\t\t\t\t\t\t\t<div class=\"sow-accordion-close-button\">\n\t\t\t\t\t\t\t\t<span class=\"sow-icon-ionicons\" data-sow-icon=\"&#xf209;\"\n\t\t \n\t\taria-hidden=\"true\"><\/span>\t\t\t\t\t\t\t<\/div>\n\t\t\t\t\t\t<\/div>\n\t\t\t\t\t<\/div>\n\t\t\t\t<\/div>\n\n\t\t\t<div\n\t\t\t\tclass=\"sow-accordion-panel-content\"\n\t\t\t\trole=\"region\"\n\t\t\t\taria-labelledby=\"accordion-label-linkedin\"\n\t\t\t\tid=\"accordion-content-linkedin\"\n\t\t\t\tstyle=\"display: none;\"\t\t\t>\n\t\t\t\t<div class=\"sow-accordion-panel-border\">\n\t\t\t\t\t<p>Il nostro sito web utilizza funzioni del network LinkedIn. Il servizio \u00e8 offerto da LinkedIn Corporation, 2029\u00a0Stierlin Court, Mountain View, CA\u00a094043, USA. A ogni accesso a una delle nostre pagine che contengono le funzioni di LinkedIn, viene stabilita una connessione ai server di LinkedIn. LinkedIn viene informato del fatto che avete visitato le nostre pagine Internet con il vostro indirizzo IP. In questo modo possono essere trasmesse anche informazioni sull\u2019ubicazione e sul dispositivo. Se cliccate sul pulsante \u00abConsiglia\u00bb di LinkedIn e avete effettuato l\u2019accesso al vostro account di LinkedIn, esso pu\u00f2 associare la vostra visita alla nostra pagina Internet a voi e al vostro account utente. Facciamo presente che, in qualit\u00e0 di fornitore del sito web, non siamo a conoscenza del contenuto dei dati trasmessi n\u00e9 del loro utilizzo da parte di LinkedIn. Per maggiori informazioni a riguardo, potete consultare la dichiarazione sulla protezione dei dati di LinkedIn.<\/p>\n\t\t\t\t<\/div>\n\t\t\t<\/div>\n\t\t<\/div>\n\t\t\t<div class=\"sow-accordion-panel\n\t\t\t\t\"\n\t\t\tdata-anchor-id=\"instagram\">\n\t\t\t\t<div class=\"sow-accordion-panel-header-container\" role=\"heading\" aria-level=\"2\">\n\t\t\t\t\t<div class=\"sow-accordion-panel-header\" tabindex=\"0\" role=\"button\" id=\"accordion-label-instagram\" aria-controls=\"accordion-content-instagram\" aria-expanded=\"false\">\n\t\t\t\t\t\t<div class=\"sow-accordion-title sow-accordion-title-icon-left\">\n\t\t\t\t\t\t\t\t\t\t\t\t\t\tINSTAGRAM\t\t\t\t\t\t\t\t\t\t\t\t\t<\/div>\n\t\t\t\t\t\t<div class=\"sow-accordion-open-close-button\">\n\t\t\t\t\t\t\t<div class=\"sow-accordion-open-button\">\n\t\t\t\t\t\t\t\t<span class=\"sow-icon-ionicons\" data-sow-icon=\"&#xf218;\"\n\t\t \n\t\taria-hidden=\"true\"><\/span>\t\t\t\t\t\t\t<\/div>\n\t\t\t\t\t\t\t<div class=\"sow-accordion-close-button\">\n\t\t\t\t\t\t\t\t<span class=\"sow-icon-ionicons\" data-sow-icon=\"&#xf209;\"\n\t\t \n\t\taria-hidden=\"true\"><\/span>\t\t\t\t\t\t\t<\/div>\n\t\t\t\t\t\t<\/div>\n\t\t\t\t\t<\/div>\n\t\t\t\t<\/div>\n\n\t\t\t<div\n\t\t\t\tclass=\"sow-accordion-panel-content\"\n\t\t\t\trole=\"region\"\n\t\t\t\taria-labelledby=\"accordion-label-instagram\"\n\t\t\t\tid=\"accordion-content-instagram\"\n\t\t\t\tstyle=\"display: none;\"\t\t\t>\n\t\t\t\t<div class=\"sow-accordion-panel-border\">\n\t\t\t\t\t<p>Il nostro sito web utilizza funzioni del network Instagram, un servizio fornito da Instagram\u00a0LLC, 1601\u00a0Willow Rd, Menlo Park, CA\u00a094025, USA. Instagram \u00e8 un\u2019affiliata di Meta Platforms\u00a0Inc. e fa parte dei prodotti Facebook.<\/p>\n<p>A ogni accesso a una delle nostre pagine che contengono le funzioni di Instagram, viene stabilita una connessione ai server di Instagram. Vengono trasmessi svariati dati (a prescindere che abbiate un account Instagram o meno). Possono essere raccolti, ad esempio, i seguenti dati: informazioni sul nostro sito web, informazioni sul dispositivo, data e ora. Se disponete di un account Instagram e vi avete effettuato l\u2019accesso, vengono memorizzati ulteriori dati su di voi. Per maggiori informazioni a riguardo, potete consultare la dichiarazione sulla protezione dei dati di Instagram.<\/p>\n\t\t\t\t<\/div>\n\t\t\t<\/div>\n\t\t<\/div>\n\t\t\t<div class=\"sow-accordion-panel\n\t\t\t\t\"\n\t\t\tdata-anchor-id=\"i-suoi-diritti-ai-sensi-della-normativa-sulla-protezione-dei-dati\">\n\t\t\t\t<div class=\"sow-accordion-panel-header-container\" role=\"heading\" aria-level=\"2\">\n\t\t\t\t\t<div class=\"sow-accordion-panel-header\" tabindex=\"0\" role=\"button\" id=\"accordion-label-i-suoi-diritti-ai-sensi-della-normativa-sulla-protezione-dei-dati\" aria-controls=\"accordion-content-i-suoi-diritti-ai-sensi-della-normativa-sulla-protezione-dei-dati\" aria-expanded=\"false\">\n\t\t\t\t\t\t<div class=\"sow-accordion-title sow-accordion-title-icon-left\">\n\t\t\t\t\t\t\t\t\t\t\t\t\t\tI SUOI DIRITTI AI SENSI DELLA NORMATIVA SULLA PROTEZIONE DEI DATI\t\t\t\t\t\t\t\t\t\t\t\t\t<\/div>\n\t\t\t\t\t\t<div class=\"sow-accordion-open-close-button\">\n\t\t\t\t\t\t\t<div class=\"sow-accordion-open-button\">\n\t\t\t\t\t\t\t\t<span class=\"sow-icon-ionicons\" data-sow-icon=\"&#xf218;\"\n\t\t \n\t\taria-hidden=\"true\"><\/span>\t\t\t\t\t\t\t<\/div>\n\t\t\t\t\t\t\t<div class=\"sow-accordion-close-button\">\n\t\t\t\t\t\t\t\t<span class=\"sow-icon-ionicons\" data-sow-icon=\"&#xf209;\"\n\t\t \n\t\taria-hidden=\"true\"><\/span>\t\t\t\t\t\t\t<\/div>\n\t\t\t\t\t\t<\/div>\n\t\t\t\t\t<\/div>\n\t\t\t\t<\/div>\n\n\t\t\t<div\n\t\t\t\tclass=\"sow-accordion-panel-content\"\n\t\t\t\trole=\"region\"\n\t\t\t\taria-labelledby=\"accordion-label-i-suoi-diritti-ai-sensi-della-normativa-sulla-protezione-dei-dati\"\n\t\t\t\tid=\"accordion-content-i-suoi-diritti-ai-sensi-della-normativa-sulla-protezione-dei-dati\"\n\t\t\t\tstyle=\"display: none;\"\t\t\t>\n\t\t\t\t<div class=\"sow-accordion-panel-border\">\n\t\t\t\t\t<p>La raccolta e il trattamento dei vostri dati personali avvengono nel rispetto delle leggi e dei requisiti in materia di protezione dei dati vigenti in Svizzera. In generale, in applicazione del diritto svizzero, le nostre aziende offrono i propri servizi esclusivamente in Svizzera e si rivolgono pertanto solo a persone domiciliate in Svizzera. Non presumiamo che il Regolamento generale europeo sulla protezione dei dati (GDPR) sia applicabile al nostro caso.<\/p>\n<p>Tuttavia, se ci\u00f2 dovesse avvenire in via eccezionale per determinati casi di trattamento di dati, si applica anche il presente punto 5 esclusivamente ai fini del RGPD e del trattamento dei dati a esso soggetto. Come gi\u00e0 illustrato al punto 1, il trattamento dei dati personali \u00e8 necessario per l\u2019avvio e la stipula di contratti e la relativa gestione ed esecuzione (art. 6, cpv. 1, lett. b RGPD) e per il perseguimento di legittimi interessi, nostri o di terzi, segnatamente per la comunicazione con voi o con terzi, per la gestione del nostro sito web, per il miglioramento delle nostre offerte elettroniche e la registrazione a determinate offerte e servizi, per scopi di sicurezza, per il rispetto del diritto svizzero e di norme interne, per la nostra gestione dei rischi e la gestione aziendale nonch\u00e9 per altri scopi, quali training e formazione, amministrazione, garanzia delle prove e della qualit\u00e0, l\u2019organizzazione, lo svolgimento e il follow-up di eventi e per il perseguimento di altri interessi legittimi (in proposito gi\u00e0 punti 1 e 2) (art. 6, cpv. 1, lett. f RGPD). Avete acconsentito a tale trattamento tramite apposita dichiarazione nel quadro della gestione dei contratti per i nostri servizi edili e per l\u2019utilizzo del nostro sito web. Il consenso pu\u00f2 essere revocato in qualsiasi momento. Il diritto di opporsi al trattamento dei vostri dati sancito al punto 4 si applica in particolare in caso di trattamento dei dati per finalit\u00e0 di marketing diretto nonch\u00e9 alla consegna di determinati dati personali allo scopo di trasmetterli a un altro ente (cosiddetta portabilit\u00e0 dei dati). Nell\u2019ambito di applicazione del RGPD (cfr. a riguardo il punto 4) avete inoltre il diritto di presentare reclamo all\u2019autorit\u00e0 di controllo competente per la protezione dei dati nel vostro Paese. L\u2019elenco delle autorit\u00e0 nel SEE \u00e8 disponibile al seguente indirizzo: <a href=\"https:\/\/www.edpb.europa.eu\/about-edpb\/about-edpb\/members_it\">https:\/\/www.edpb.europa.eu\/about-edpb\/about-edpb\/members_it<\/a><\/p>\n\t\t\t\t<\/div>\n\t\t\t<\/div>\n\t\t<\/div>\n\t\t<\/div>\n<\/div>\n<\/div><\/div><\/div><\/div><\/div>","protected":false},"excerpt":{"rendered":"<p>Maggio 2026 Protezione dei dati Contatti Cupolux AG Gl\u00e4rnischstrasse 7 8853 Lachen Tel: +41(0)44 208 90 40 info@cupolux.ch cupolux.ch Note generali L\u2019uso responsabile e la protezione dei dati personali sono per noi una priorit\u00e0. Nella presente Informativa sulla protezione dei dati vi forniamo informazioni sulla tipologia, entit\u00e0 e finalit\u00e0 dell\u2019utilizzo dei dati personali nell\u2019ambito delle [&hellip;]<\/p>\n","protected":false},"author":4,"featured_media":0,"parent":0,"menu_order":0,"comment_status":"closed","ping_status":"closed","template":"","meta":{"footnotes":""},"class_list":["post-5850","page","type-page","status-publish","hentry"],"yoast_head":"<!-- This site is optimized with the Yoast SEO plugin v26.0 - https:\/\/yoast.com\/wordpress\/plugins\/seo\/ -->\n<title>Protezione dei dati - Cupolux IT<\/title>\n<meta name=\"robots\" content=\"index, follow, max-snippet:-1, max-image-preview:large, max-video-preview:-1\" \/>\n<link rel=\"canonical\" href=\"https:\/\/cupolux.ch\/it\/protezione-dei-dati\/\" \/>\n<meta property=\"og:locale\" content=\"it_IT\" \/>\n<meta property=\"og:type\" content=\"article\" \/>\n<meta property=\"og:title\" content=\"Protezione dei dati - Cupolux IT\" \/>\n<meta property=\"og:description\" content=\"Maggio 2026 Protezione dei dati Contatti Cupolux AG Gl\u00e4rnischstrasse 7 8853 Lachen Tel: +41(0)44 208 90 40 info@cupolux.ch cupolux.ch Note generali L\u2019uso responsabile e la protezione dei dati personali sono per noi una priorit\u00e0. Nella presente Informativa sulla protezione dei dati vi forniamo informazioni sulla tipologia, entit\u00e0 e finalit\u00e0 dell\u2019utilizzo dei dati personali nell\u2019ambito delle [&hellip;]\" \/>\n<meta property=\"og:url\" content=\"https:\/\/cupolux.ch\/it\/protezione-dei-dati\/\" \/>\n<meta property=\"og:site_name\" content=\"Cupolux IT\" \/>\n<meta property=\"article:modified_time\" content=\"2026-04-29T11:20:28+00:00\" \/>\n<meta name=\"twitter:card\" content=\"summary_large_image\" \/>\n<meta name=\"twitter:label1\" content=\"Tempo di lettura stimato\" \/>\n\t<meta name=\"twitter:data1\" content=\"9 minuti\" \/>\n<script type=\"application\/ld+json\" class=\"yoast-schema-graph\">{\"@context\":\"https:\/\/schema.org\",\"@graph\":[{\"@type\":\"WebPage\",\"@id\":\"https:\/\/cupolux.ch\/it\/protezione-dei-dati\/\",\"url\":\"https:\/\/cupolux.ch\/it\/protezione-dei-dati\/\",\"name\":\"Protezione dei dati - Cupolux IT\",\"isPartOf\":{\"@id\":\"https:\/\/cupolux.ch\/it\/#website\"},\"datePublished\":\"2026-04-29T11:15:42+00:00\",\"dateModified\":\"2026-04-29T11:20:28+00:00\",\"breadcrumb\":{\"@id\":\"https:\/\/cupolux.ch\/it\/protezione-dei-dati\/#breadcrumb\"},\"inLanguage\":\"it-IT\",\"potentialAction\":[{\"@type\":\"ReadAction\",\"target\":[\"https:\/\/cupolux.ch\/it\/protezione-dei-dati\/\"]}]},{\"@type\":\"BreadcrumbList\",\"@id\":\"https:\/\/cupolux.ch\/it\/protezione-dei-dati\/#breadcrumb\",\"itemListElement\":[{\"@type\":\"ListItem\",\"position\":1,\"name\":\"Home\",\"item\":\"https:\/\/cupolux.ch\/it\/\"},{\"@type\":\"ListItem\",\"position\":2,\"name\":\"Protezione dei dati\"}]},{\"@type\":\"WebSite\",\"@id\":\"https:\/\/cupolux.ch\/it\/#website\",\"url\":\"https:\/\/cupolux.ch\/it\/\",\"name\":\"Cupolux IT\",\"description\":\"\",\"potentialAction\":[{\"@type\":\"SearchAction\",\"target\":{\"@type\":\"EntryPoint\",\"urlTemplate\":\"https:\/\/cupolux.ch\/it\/?s={search_term_string}\"},\"query-input\":{\"@type\":\"PropertyValueSpecification\",\"valueRequired\":true,\"valueName\":\"search_term_string\"}}],\"inLanguage\":\"it-IT\"}]}<\/script>\n<!-- \/ Yoast SEO plugin. -->","yoast_head_json":{"title":"Protezione dei dati - Cupolux IT","robots":{"index":"index","follow":"follow","max-snippet":"max-snippet:-1","max-image-preview":"max-image-preview:large","max-video-preview":"max-video-preview:-1"},"canonical":"https:\/\/cupolux.ch\/it\/protezione-dei-dati\/","og_locale":"it_IT","og_type":"article","og_title":"Protezione dei dati - Cupolux IT","og_description":"Maggio 2026 Protezione dei dati Contatti Cupolux AG Gl\u00e4rnischstrasse 7 8853 Lachen Tel: +41(0)44 208 90 40 info@cupolux.ch cupolux.ch Note generali L\u2019uso responsabile e la protezione dei dati personali sono per noi una priorit\u00e0. Nella presente Informativa sulla protezione dei dati vi forniamo informazioni sulla tipologia, entit\u00e0 e finalit\u00e0 dell\u2019utilizzo dei dati personali nell\u2019ambito delle [&hellip;]","og_url":"https:\/\/cupolux.ch\/it\/protezione-dei-dati\/","og_site_name":"Cupolux IT","article_modified_time":"2026-04-29T11:20:28+00:00","twitter_card":"summary_large_image","twitter_misc":{"Tempo di lettura stimato":"9 minuti"},"schema":{"@context":"https:\/\/schema.org","@graph":[{"@type":"WebPage","@id":"https:\/\/cupolux.ch\/it\/protezione-dei-dati\/","url":"https:\/\/cupolux.ch\/it\/protezione-dei-dati\/","name":"Protezione dei dati - Cupolux IT","isPartOf":{"@id":"https:\/\/cupolux.ch\/it\/#website"},"datePublished":"2026-04-29T11:15:42+00:00","dateModified":"2026-04-29T11:20:28+00:00","breadcrumb":{"@id":"https:\/\/cupolux.ch\/it\/protezione-dei-dati\/#breadcrumb"},"inLanguage":"it-IT","potentialAction":[{"@type":"ReadAction","target":["https:\/\/cupolux.ch\/it\/protezione-dei-dati\/"]}]},{"@type":"BreadcrumbList","@id":"https:\/\/cupolux.ch\/it\/protezione-dei-dati\/#breadcrumb","itemListElement":[{"@type":"ListItem","position":1,"name":"Home","item":"https:\/\/cupolux.ch\/it\/"},{"@type":"ListItem","position":2,"name":"Protezione dei dati"}]},{"@type":"WebSite","@id":"https:\/\/cupolux.ch\/it\/#website","url":"https:\/\/cupolux.ch\/it\/","name":"Cupolux IT","description":"","potentialAction":[{"@type":"SearchAction","target":{"@type":"EntryPoint","urlTemplate":"https:\/\/cupolux.ch\/it\/?s={search_term_string}"},"query-input":{"@type":"PropertyValueSpecification","valueRequired":true,"valueName":"search_term_string"}}],"inLanguage":"it-IT"}]}},"_links":{"self":[{"href":"https:\/\/cupolux.ch\/it\/wp-json\/wp\/v2\/pages\/5850","targetHints":{"allow":["GET"]}}],"collection":[{"href":"https:\/\/cupolux.ch\/it\/wp-json\/wp\/v2\/pages"}],"about":[{"href":"https:\/\/cupolux.ch\/it\/wp-json\/wp\/v2\/types\/page"}],"author":[{"embeddable":true,"href":"https:\/\/cupolux.ch\/it\/wp-json\/wp\/v2\/users\/4"}],"replies":[{"embeddable":true,"href":"https:\/\/cupolux.ch\/it\/wp-json\/wp\/v2\/comments?post=5850"}],"version-history":[{"count":5,"href":"https:\/\/cupolux.ch\/it\/wp-json\/wp\/v2\/pages\/5850\/revisions"}],"predecessor-version":[{"id":5860,"href":"https:\/\/cupolux.ch\/it\/wp-json\/wp\/v2\/pages\/5850\/revisions\/5860"}],"wp:attachment":[{"href":"https:\/\/cupolux.ch\/it\/wp-json\/wp\/v2\/media?parent=5850"}],"curies":[{"name":"wp","href":"https:\/\/api.w.org\/{rel}","templated":true}]}}